{"id":13912,"date":"2021-04-21T09:09:45","date_gmt":"2021-04-21T08:09:45","guid":{"rendered":"http:\/\/www.gymhorice.cz\/?page_id=13912"},"modified":"2024-09-30T11:07:04","modified_gmt":"2024-09-30T10:07:04","slug":"vychovny-poradce","status":"publish","type":"page","link":"https:\/\/www.gymhorice.cz\/?page_id=13912","title":{"rendered":"V\u00fdchovn\u00fd poradce"},"content":{"rendered":"<div><strong><span class=\"modra\">Funkci v\u00fdchovn\u00e9ho poradce<\/span><\/strong> na na\u0161\u00ed \u0161kole zast\u00e1v\u00e1: <span class=\"modra\"><strong>Mgr. Blanka Do\u010dekalov\u00e1<\/strong><\/span><\/div>\n<div>Kontakt na v\u00fdchovn\u00e9ho poradce: <span style=\"color: #800080;\"><strong>docekalova@gymhorice.cz<\/strong><\/span><\/div>\n<div>Konzulta\u010dn\u00ed hodiny v\u00fdchovn\u00e9ho poradce:<\/div>\n<div>&nbsp;&nbsp;&nbsp;&nbsp;&nbsp;Pond\u011bl\u00ed&nbsp;&nbsp;&nbsp;13:30 &#8211; 14:15<\/div>\n<div>&nbsp;&nbsp;&nbsp;&nbsp;&nbsp;P\u00e1tek&nbsp;&nbsp;&nbsp;&nbsp;&nbsp;&nbsp;&nbsp;8:00 &#8211; 9:30<\/div>\n<div>Jin\u00fd term\u00edn po&nbsp;p\u0159edchoz\u00ed dohod\u011b.<\/div>\n<div>&nbsp;<\/div>\n<div><strong><span class=\"modra\">Poradensk\u00e9 a&nbsp;terapeutick\u00e9 slu\u017eby<\/span><\/strong> na na\u0161\u00ed \u0161kole poskytuje: <strong><span class=\"modra\">Mgr. Jana Stuchl\u00edkov\u00e1<\/span><\/strong><\/div>\n<div>Kontakt na tyto slu\u017eby: <span style=\"color: #800080;\"><strong>terapeut@gymhorice.cz<\/strong><\/span><\/div>\n<div>Konzulta\u010dn\u00ed hodiny:<\/div>\n<div>&nbsp;&nbsp;&nbsp;&nbsp;&nbsp;Pond\u011bl\u00ed&nbsp; &nbsp;8:00 &#8211; 12:00<\/div>\n<div>Kdo je Mgr.&nbsp;Jana Stuchl\u00edkov\u00e1? P\u0159e\u010dt\u011bte si na webov\u00fdch str\u00e1nk\u00e1ch <a href=\"http:\/\/terapievmechu.cz\" target=\"_blank\" rel=\"noopener\">terapievmechu.cz<\/a><\/div>\n<div>&nbsp;<\/div>\n<div>&nbsp;<\/div>\n<p><span class=\"modra\"><strong>Jak postupovat, m\u00e1-li \u017e\u00e1k\/\u017e\u00e1kyn\u011b v\u00fdukov\u00e9 \u010di&nbsp;v\u00fdchovn\u00e9 obt\u00ed\u017ee prom\u00edtaj\u00edc\u00ed se do \u0161koln\u00edho prost\u0159ed\u00ed?<\/strong><\/span><\/p>\n<p>V&nbsp;p\u0159\u00edpad\u011b, \u017ee pozorujete jak\u00e9koli pot\u00ed\u017ee u&nbsp;Va\u0161eho d\u00edt\u011bte spojen\u00e9 se \u0161koln\u00ed prac\u00ed, je v\u00fdhodn\u00e9 se v&nbsp;prvn\u00ed \u0159ad\u011b obr\u00e1tit na p\u0159\u00edslu\u0161n\u00e9ho vyu\u010duj\u00edc\u00edho, t\u0159\u00eddn\u00edho u\u010ditele, p\u0159\u00edpadn\u011b v\u00fdchovn\u00e9ho poradce. Ti v\u0161ichni dob\u0159e znaj\u00ed va\u0161e d\u00edt\u011b a&nbsp;mohou V\u00e1m i&nbsp;jemu \u00fa\u010dinn\u011b pomoci.<br \/>\nM\u016f\u017ee doj\u00edt i&nbsp;k&nbsp;situaci, kdy tyto pot\u00ed\u017ee zjist\u00ed u&nbsp;\u017e\u00e1ka vyu\u010duj\u00edc\u00ed. V&nbsp;tomto p\u0159\u00edpad\u011b informuje \u0161kola z\u00e1konn\u00e9ho z\u00e1stupce \u017e\u00e1ka a&nbsp;spole\u010dn\u011b hledaj\u00ed n\u00e1pravu pot\u00ed\u017e\u00ed.<\/p>\n<p>Prvn\u00edm krokem je tzv.&nbsp;<span style=\"color: #800080;\"><strong>prvn\u00ed stupe\u0148 podp\u016frn\u00fdch opat\u0159en\u00ed \u2013 <em>Pl\u00e1n pedagogick\u00e9 podpory (PLPP)<\/em><\/strong><\/span>, kter\u00fd m\u016f\u017ee \u0161kola poskytovat i&nbsp;bez doporu\u010den\u00ed pedagogicko-psychologick\u00e9 poradny (PPP) a&nbsp;na neomezenou dobu. Jedn\u00e1 se nap\u0159\u00edklad o&nbsp;v\u00edce \u010dasu na pr\u00e1ci, zkr\u00e1cen\u00ed zad\u00e1n\u00ed, vyu\u017e\u00edv\u00e1n\u00ed z\u00e1pisu pomoc\u00ed PC, preference \u00fastn\u00edho \u010di&nbsp;p\u00edsemn\u00e9ho zkou\u0161en\u00ed, individu\u00e1ln\u00ed podpora k&nbsp;zac\u00edlen\u00ed pozornosti apod. S&nbsp;jeho n\u00e1pln\u00ed je sezn\u00e1men \u017e\u00e1k, jeho z\u00e1konn\u00fd z\u00e1stupce a&nbsp;v\u0161ichni vyu\u010duj\u00edc\u00ed pod\u00edlej\u00edc\u00ed se na realizaci pl\u00e1nu. \u0160kola \u00fasp\u011b\u0161nost opat\u0159en\u00ed zahrnut\u00fdch v&nbsp;pl\u00e1nu pr\u016fb\u011b\u017en\u011b vyhodnocuje. Pokud na z\u00e1klad\u011b uskute\u010dn\u011bn\u00ed opat\u0159en\u00ed popsan\u00fdch v&nbsp;pl\u00e1nu dojde ke zlep\u0161en\u00ed situace, \u0161kola pokra\u010duje v&nbsp;osv\u011bd\u010den\u00e9m p\u0159\u00edstupu po&nbsp;celou dobu, kdy obt\u00ed\u017ee p\u0159etrv\u00e1vaj\u00ed.<\/p>\n<p>Pokud v\u0161ak tato opat\u0159en\u00ed neposta\u010duj\u00ed, \u0161kola doporu\u010d\u00ed <span style=\"color: #800080;\"><strong>vy\u0161et\u0159en\u00ed v&nbsp;poradensk\u00e9m za\u0159\u00edzen\u00ed<\/strong><\/span>.<br \/>\nZ\u00e1konn\u00fd z\u00e1stupce si vybere PPP, telefonicky ji kontaktuje, domluv\u00ed si term\u00edn a&nbsp;informuje \u0161kolu.<br \/>\n\u0160kola vypln\u00ed tzv.&nbsp;<strong><em>Sd\u011blen\u00ed<\/em><em> st\u0159edn\u00ed \u0161koly<\/em><\/strong> a&nbsp;za\u0161le vybran\u00e9 poradn\u011b. Zde jsou uvedeny pot\u00ed\u017ee \u017e\u00e1ka ve vzd\u011bl\u00e1v\u00e1n\u00ed, realizovan\u00e1 podp\u016frn\u00e1 opat\u0159en\u00ed a&nbsp;n\u00e1vrhy dal\u0161\u00edch opat\u0159en\u00ed vedouc\u00edch ke zlep\u0161en\u00ed situace.<br \/>\nPPP na z\u00e1klad\u011b informac\u00ed ze \u0161koly a&nbsp;vy\u0161et\u0159en\u00ed v&nbsp;poradn\u011b vypracuje <strong><em>Doporu\u010den\u00ed \u0161kolsk\u00e9ho poradensk\u00e9ho za\u0159\u00edzen\u00ed<\/em><\/strong>. Z\u00e1konn\u00fd z\u00e1stupce, kter\u00fd m\u00e1 z\u00e1jem o&nbsp;zohledn\u011bn\u00ed \u017e\u00e1ka na z\u00e1klad\u011b vzd\u011bl\u00e1vac\u00edch pot\u0159eb, zajist\u00ed doru\u010den\u00ed tohoto doporu\u010den\u00ed \u0161kole.<br \/>\n\u017d\u00e1ci s&nbsp;t\u00edmto doporu\u010den\u00edm jsou vzd\u011bl\u00e1v\u00e1ni v&nbsp;r\u00e1mci individualizovan\u00e9ho p\u0159\u00edstupu <strong>(<em>Individu\u00e1ln\u00ed vzd\u011bl\u00e1vac\u00ed pl\u00e1n IVP<\/em>)<\/strong> nebo formou vypracovan\u00e9ho <strong><em>Pl\u00e1nu pedagogick\u00e9 podpory (PLPP)<\/em><\/strong>, a&nbsp;to po&nbsp;celou dobu trv\u00e1n\u00ed obt\u00ed\u017e\u00ed.<\/p>\n<p>U&nbsp;\u017e\u00e1k\u016f, kte\u0159\u00ed maj\u00ed v&nbsp;z\u00e1v\u011bru uvedeno, \u017ee se jedn\u00e1 o&nbsp;\u017e\u00e1ka se speci\u00e1ln\u00edmi vzd\u011bl\u00e1vac\u00edmi pot\u0159ebami typu&nbsp;<strong>zdravotn\u00edho znev\u00fdhodn\u011bn\u00ed \u010di&nbsp;zdravotn\u00edho posti\u017een\u00ed<\/strong>, bude, v&nbsp;souvislosti s&nbsp;ukon\u010den\u00edm doby platnosti <em><i>Doporu\u010den\u00ed<\/i><\/em>, zpravidla provedeno kontroln\u00ed vy\u0161et\u0159en\u00ed. To by m\u011blo prob\u011bhnout&nbsp;v&nbsp;r\u00e1mci tzv.&nbsp;p\u0159echodn\u00e9ho obdob\u00ed, kter\u00e9 \u010din\u00ed dva roky. Pro \u017e\u00e1ky zdravotn\u011b posti\u017een\u00e9 je v\u011bt\u0161inou vypracov\u00e1n individu\u00e1ln\u00ed vzd\u011bl\u00e1vac\u00ed pl\u00e1n, kter\u00fd je jednou ro\u010dn\u011b poradnou vyhodnocov\u00e1n, u&nbsp;\u017e\u00e1k\u016f zdravotn\u011b znev\u00fdhodn\u011bn\u00fdch z\u00e1le\u017e\u00ed na m\u00ed\u0159e p\u0159etrv\u00e1v\u00e1n\u00ed obt\u00ed\u017e\u00ed, zda je kontroln\u00ed vy\u0161et\u0159en\u00ed v&nbsp;poradn\u011b \u0161kolou vyhodnoceno&nbsp;jako pot\u0159ebn\u00e9, \u010di&nbsp;zda je dostate\u010dn\u00e9 podporu poskytnout v&nbsp;r\u00e1mci pl\u00e1nu pedagogick\u00e9 podpory, kter\u00fd vypracuje \u0161kola.<\/p>\n<div>&nbsp;<\/div>\n<p><span class=\"modra\"><strong>Strategie p\u0159edch\u00e1zen\u00ed \u0161koln\u00ed ne\u00fasp\u011b\u0161nosti<\/strong><\/span><br \/>\n\u0160koln\u00ed ne\u00fasp\u011b\u0161nost je ch\u00e1p\u00e1na jako selh\u00e1n\u00ed v&nbsp;podm\u00ednk\u00e1ch \u0161koln\u00edho vzd\u011bl\u00e1vac\u00edho programu nejen \u0161patn\u00fdm prosp\u011bchem, ale tak\u00e9 vytv\u00e1\u0159en\u00edm negativn\u00edch psychick\u00fdch postoj\u016f a&nbsp;emo\u010dn\u00edch stav\u016f ve vztahu k&nbsp;vlastn\u00edmu u\u010den\u00ed, ke vzd\u011bl\u00e1v\u00e1n\u00ed, k&nbsp;u\u010ditel\u016fm a&nbsp;ke \u0161kole v\u016fbec.<br \/>\nStrategie \u0161kola vol\u00ed individu\u00e1ln\u011b na z\u00e1klad\u011b diagnostiky a&nbsp;zji\u0161t\u011bn\u00fdch pot\u0159eb \u017e\u00e1k\u016f. S&nbsp;\u017e\u00e1ky ohro\u017een\u00fdmi \u0161koln\u00ed ne\u00fasp\u011b\u0161nost\u00ed pracuje v\u00fdchovn\u00fd poradce ve spolupr\u00e1ci se \u0161koln\u00edm metodikem prevence, t\u0159\u00eddn\u00edmi u\u010diteli a&nbsp;vyu\u010duj\u00edc\u00edmi jednotliv\u00fdch p\u0159edm\u011bt\u016f a&nbsp;\u017e\u00e1kov\u00fdmi z\u00e1konn\u00fdmi z\u00e1stupci.<br \/>\nD\u016fle\u017eit\u00e9 je p\u0159edch\u00e1zen\u00ed t\u00e9to ne\u00fasp\u011b\u0161nosti. Jedn\u00e1 se o:<\/p>\n<ul>\n<li>pravidelnou doch\u00e1zku do \u0161koly<\/li>\n<li>systematickou p\u0159\u00edpravu na vyu\u010dov\u00e1n\u00ed<\/li>\n<li>pln\u011bn\u00ed zadan\u00fdch \u00fakol\u016f<\/li>\n<li>ov\u011b\u0159ov\u00e1n\u00ed z\u00edskan\u00fdch znalost\u00ed a&nbsp;dovednost\u00ed<\/li>\n<li>propojov\u00e1n\u00ed s&nbsp;dal\u0161\u00edmi p\u0159edm\u011bty a&nbsp;jejich aplikace<\/li>\n<\/ul>\n<p>\u0160koln\u00ed ne\u00fasp\u011bch je \u010dasto spojen s&nbsp;nar\u016fstaj\u00edc\u00ed absenc\u00ed a&nbsp;n\u00e1sledn\u011b nepln\u011bn\u00edm povinnost\u00ed \u017e\u00e1ka ve \u0161kole.<\/p>\n<div>&nbsp;<\/div>\n<p><span class=\"modra\"><strong>\u017d\u00e1k je ohro\u017een \u0161koln\u00edm ne\u00fasp\u011bchem, kdy\u017e:<\/strong><\/span><\/p>\n<ul>\n<li>obdr\u017e\u00ed na vysv\u011bd\u010den\u00ed dv\u011b a&nbsp;v\u00edce nedostate\u010dn\u00fdch<\/li>\n<li>je nehodnocen ze t\u0159\u00ed nebo v\u00edce p\u0159edm\u011bt\u016f<\/li>\n<li>dlouhodob\u011b nepln\u00ed zadan\u00e9 \u00fakoly<\/li>\n<li>nen\u00ed p\u0159ipu\u0161t\u011bn k&nbsp;maturitn\u00ed zkou\u0161ce<\/li>\n<li>neusp\u011bje u&nbsp;maturitn\u00ed zkou\u0161ky ze dvou nebo v\u00edce p\u0159edm\u011bt\u016f<\/li>\n<li>sv\u00fdm chov\u00e1n\u00edm a&nbsp;jedn\u00e1n\u00edm soustavn\u011b poru\u0161uje \u0161koln\u00ed \u0159\u00e1d a&nbsp;hroz\u00ed mu podm\u00edn\u011bn\u00e9 vylou\u010den\u00ed<\/li>\n<\/ul>\n<div>&nbsp;<\/div>\n<p><span class=\"modra\"><strong>\u017d\u00e1k je ne\u00fasp\u011b\u0161n\u00fd, kdy\u017e:<\/strong><\/span><\/p>\n<ul>\n<li>obdr\u017e\u00ed na vysv\u011bd\u010den\u00ed ve druh\u00e9m pololet\u00ed 3 nebo v\u00edce nedostate\u010dn\u00fdch<\/li>\n<li>neusp\u011bje u&nbsp;maturitn\u00ed zkou\u0161ky ani p\u0159i&nbsp;druh\u00e9m opravn\u00e9m term\u00ednu a&nbsp;nez\u00edsk\u00e1 maturitn\u00ed vysv\u011bd\u010den\u00ed<\/li>\n<li>p\u0159ed\u010dasn\u011b ukon\u010d\u00ed studium<\/li>\n<li>je vylou\u010den ze \u0161koly<\/li>\n<\/ul>\n<div>&nbsp;<\/div>\n<p><span class=\"modra\"><strong>Rizikov\u00e9 faktory pro \u017e\u00e1ky ohro\u017een\u00e9 \u0161koln\u00ed ne\u00fasp\u011b\u0161nost\u00ed<\/strong><\/span><\/p>\n<ul>\n<li>nerespektov\u00e1n\u00ed a&nbsp;neust\u00e1l\u00e9 poru\u0161ov\u00e1n\u00ed pravidel<\/li>\n<li>nesystematick\u00e1 p\u0159\u00edprava<\/li>\n<li>zdravotn\u00ed probl\u00e9my<\/li>\n<li>p\u0159estup z&nbsp;jin\u00e9 \u0161koly (zm\u011bna \u0160VP a&nbsp;stylu pr\u00e1ce \u2013 podm\u00ednkov\u00fd syst\u00e9m)<\/li>\n<li>mal\u00e1 motivace, nedostate\u010dn\u00e1 v\u016fle, mal\u00e1 nebo \u017e\u00e1dn\u00e1 zodpov\u011bdnost<\/li>\n<li>\u017e\u00e1k \u2013 cizinec, odli\u0161n\u00fd rodn\u00fd jazyk<\/li>\n<li>obt\u00ed\u017en\u00e1 \u017eivotn\u00ed situace<\/li>\n<li>chyb\u011bj\u00edc\u00ed spolupr\u00e1ce se z\u00e1konn\u00fdmi z\u00e1stupci<\/li>\n<\/ul>\n<div>&nbsp;<\/div>\n<p><span class=\"modra\"><strong>\u0158e\u0161en\u00ed \u0161koln\u00ed ne\u00fasp\u011b\u0161nosti<\/strong><\/span><br \/>\nZ\u00e1kladem je vz\u00e1jemn\u00e1 spolupr\u00e1ce v\u0161ech z\u00fa\u010dastn\u011bn\u00fdch, kte\u0159\u00ed mohou se \u017e\u00e1kem pracovat, pozitivn\u00ed klima \u0161koly, d\u016fv\u011bra \u017e\u00e1k\u016f a&nbsp;z\u00e1konn\u00fdch z\u00e1stupc\u016f a&nbsp;aktivn\u00ed p\u0159\u00edstup a&nbsp;z\u00e1jem u\u010ditel\u016f o&nbsp;\u017e\u00e1ky. U\u010ditel\u00e9 jednotliv\u00fdch p\u0159edm\u011bt\u016f upozorn\u00ed na ne\u00fasp\u011b\u0161nost \u017e\u00e1k\u016f t\u0159\u00eddn\u00edho u\u010ditele, ten kontaktuje z\u00e1konn\u00e9 z\u00e1stupce a&nbsp;nab\u00eddne osobn\u00ed setk\u00e1n\u00ed s&nbsp;p\u0159\u00edtomnost\u00ed poradensk\u00fdch pracovn\u00edk\u016f \u0161koly (v\u00fdchovn\u00fd poradce, metodik prevence rizikov\u00e9ho chov\u00e1n\u00ed), \u017e\u00e1ka a&nbsp;veden\u00ed \u0161koly.<br \/>\nJe nutn\u00e1 spr\u00e1vn\u00e1 diagnostika p\u0159\u00ed\u010din: anal\u00fdza \u017e\u00e1kov\u00fdch mo\u017enosti, u\u010debn\u00edho stylu, vzd\u011bl\u00e1vac\u00edch pot\u0159eb, osobn\u00edch postoj\u016f ke \u0161kole, vzd\u011bl\u00e1v\u00e1n\u00ed a&nbsp;u\u010ditel\u016fm.<br \/>\nNa z\u00e1klad\u011b diagnostiky a&nbsp;zji\u0161t\u011bn\u00fdch pot\u0159eb \u017e\u00e1ka vol\u00edme tato mo\u017en\u00e1 opat\u0159en\u00ed:<\/p>\n<ul>\n<li>individu\u00e1ln\u00ed p\u0159\u00edstup<\/li>\n<li>individu\u00e1ln\u00ed konzultace (jednotliv\u00ed u\u010ditel\u00e9)<\/li>\n<li>nab\u00eddka individu\u00e1ln\u00edho \u010di&nbsp;skupinov\u00e9ho dou\u010dov\u00e1n\u00ed (nap\u0159.&nbsp;matematick\u00e9 st\u0159ede\u010dn\u00ed \u201ed\u00fdch\u00e1n\u00ed\u201c)<\/li>\n<li>vytvo\u0159en\u00ed podp\u016frn\u00e9ho studijn\u00edho harmonogramu k&nbsp;dopln\u011bn\u00ed a&nbsp;zvl\u00e1dnut\u00ed u\u010diva<\/li>\n<li>pravideln\u00fd kontakt s&nbsp;rodi\u010di \u017e\u00e1ka (je-li z\u00e1jem z&nbsp;jejich strany)<\/li>\n<li>podp\u016frn\u00e9 aktivity \u2013 akceptov\u00e1n\u00ed osobn\u00edho tempa \u017e\u00e1ka, vyu\u017eit\u00ed PC, \u00fastn\u00ed p\u0159ezkou\u0161en\u00ed\u2026<\/li>\n<\/ul>\n<p>Po selh\u00e1n\u00ed v\u0161ech zm\u00edn\u011bn\u00fdch opat\u0159en\u00ed je mo\u017en\u00e9 po\u017e\u00e1dat o&nbsp;opakov\u00e1n\u00ed ro\u010dn\u00edku.<br \/>\nV\u00fdchovn\u00fd poradce vede evidenci \u017e\u00e1k\u016f, kte\u0159\u00ed jsou ohro\u017eeni \u0161koln\u00edm ne\u00fasp\u011bchem. U\u010ditel\u00e9 p\u0159ed\u00e1vaj\u00ed z\u00e1znamy t\u0159\u00eddn\u00edmu u\u010diteli, kter\u00fd je p\u0159ed\u00e1v\u00e1 v\u00fdchovn\u00e9mu poradci.<br \/>\nPodp\u016frn\u00e9 aktivity a&nbsp;v\u00fdsledky \u017e\u00e1k\u016f jsou pr\u016fb\u011b\u017en\u011b vyhodnocov\u00e1ny na pedagogick\u00fdch rad\u00e1ch.<\/p>\n<div>&nbsp;<\/div>\n<p>Blanka Do\u010dekalov\u00e1, v\u00fdchovn\u00e1 poradkyn\u011b a&nbsp;Lenka Bedn\u00e1\u0159ov\u00e1<\/p>\n","protected":false},"excerpt":{"rendered":"<p>Funkci v\u00fdchovn\u00e9ho poradce na na\u0161\u00ed \u0161kole zast\u00e1v\u00e1: Mgr.&nbsp;Blanka Do\u010dekalov\u00e1 Kontakt na v\u00fdchovn\u00e9ho poradce: docekalova@gymhorice.cz Konzulta\u010dn\u00ed hodiny v\u00fdchovn\u00e9ho poradce: &nbsp;&nbsp;&nbsp;&nbsp;&nbsp;Pond\u011bl\u00ed&nbsp;&nbsp;&nbsp;13:30 &#8211; 14:15 &nbsp;&nbsp;&nbsp;&nbsp;&nbsp;P\u00e1tek&nbsp;&nbsp;&nbsp;&nbsp;&nbsp;&nbsp;&nbsp;8:00 &#8211; 9:30 Jin\u00fd term\u00edn po&nbsp;p\u0159edchoz\u00ed dohod\u011b. &nbsp; Poradensk\u00e9 a&nbsp;terapeutick\u00e9 slu\u017eby na na\u0161\u00ed \u0161kole poskytuje: Mgr.&nbsp;Jana Stuchl\u00edkov\u00e1 Kontakt na tyto slu\u017eby: terapeut@gymhorice.cz Konzulta\u010dn\u00ed hodiny: &nbsp;&nbsp;&nbsp;&nbsp;&nbsp;Pond\u011bl\u00ed&nbsp; &nbsp;8:00 &#8211; &#8230; <a title=\"V\u00fdchovn\u00fd poradce\" class=\"read-more\" href=\"https:\/\/www.gymhorice.cz\/?page_id=13912\" aria-label=\"\u010c\u00edst v\u00edce o V\u00fdchovn\u00fd poradce\">p\u0159e\u010d\u00edst v\u0161e<\/a><\/p>\n","protected":false},"author":1,"featured_media":0,"parent":0,"menu_order":0,"comment_status":"closed","ping_status":"closed","template":"","meta":{"ngg_post_thumbnail":0,"footnotes":""},"class_list":["post-13912","page","type-page","status-publish"],"_links":{"self":[{"href":"https:\/\/www.gymhorice.cz\/index.php?rest_route=\/wp\/v2\/pages\/13912","targetHints":{"allow":["GET"]}}],"collection":[{"href":"https:\/\/www.gymhorice.cz\/index.php?rest_route=\/wp\/v2\/pages"}],"about":[{"href":"https:\/\/www.gymhorice.cz\/index.php?rest_route=\/wp\/v2\/types\/page"}],"author":[{"embeddable":true,"href":"https:\/\/www.gymhorice.cz\/index.php?rest_route=\/wp\/v2\/users\/1"}],"replies":[{"embeddable":true,"href":"https:\/\/www.gymhorice.cz\/index.php?rest_route=%2Fwp%2Fv2%2Fcomments&post=13912"}],"version-history":[{"count":17,"href":"https:\/\/www.gymhorice.cz\/index.php?rest_route=\/wp\/v2\/pages\/13912\/revisions"}],"predecessor-version":[{"id":17813,"href":"https:\/\/www.gymhorice.cz\/index.php?rest_route=\/wp\/v2\/pages\/13912\/revisions\/17813"}],"wp:attachment":[{"href":"https:\/\/www.gymhorice.cz\/index.php?rest_route=%2Fwp%2Fv2%2Fmedia&parent=13912"}],"curies":[{"name":"wp","href":"https:\/\/api.w.org\/{rel}","templated":true}]}}